{"id":4027,"date":"2023-08-31T12:44:22","date_gmt":"2023-08-31T10:44:22","guid":{"rendered":"https:\/\/mein.skiraum.at\/casa\/panche-per-sedersi-e-guardaroba\/panca-da-guardaroba\/"},"modified":"2026-04-03T08:45:38","modified_gmt":"2026-04-03T06:45:38","slug":"panca-da-guardaroba","status":"publish","type":"page","link":"https:\/\/mein.skiraum.at\/it\/casa\/panche-per-sedersi-e-guardaroba\/panca-da-guardaroba\/","title":{"rendered":"Panca da guardaroba"},"content":{"rendered":"<section class=\"l-section wpb_row height_medium\"><div class=\"l-section-h i-cf\"><div class=\"g-cols vc_row via_flex valign_top type_default stacking_default\"><div class=\"vc_col-sm-12 wpb_column vc_column_container\"><div class=\"vc_column-inner\"><div class=\"wpb_wrapper\"><nav class=\"g-breadcrumbs separator_icon align_left\" itemscope itemtype=\"http:\/\/schema.org\/BreadcrumbList\"><div class=\"g-breadcrumbs-item\" itemscope itemprop=\"itemListElement\" itemtype=\"http:\/\/schema.org\/ListItem\"><a itemprop=\"item\" href=\"https:\/\/mein.skiraum.at\/it\/\"><span itemprop=\"name\">Casa<\/span><\/a><meta itemprop=\"position\" content=\"1\"\/><\/div><div class=\"g-breadcrumbs-separator\"><i class=\"far fa-angle-right\"><\/i><\/div><div aria-current=\"page\" class=\"g-breadcrumbs-item\" itemscope itemprop=\"itemListElement\" itemtype=\"http:\/\/schema.org\/ListItem\"><span itemprop=\"name\">Pagine<\/span><meta itemprop=\"position\" content=\"2\"\/><\/div><\/nav><\/div><\/div><\/div><\/div><\/div><\/section><section class=\"l-section wpb_row height_auto\"><div class=\"l-section-h i-cf\"><div class=\"g-cols vc_row via_flex valign_top type_default stacking_default\"><div class=\"vc_col-sm-6 wpb_column vc_column_container\"><div class=\"vc_column-inner\"><div class=\"wpb_wrapper\"><div class=\"w-slider style_none fit_cover nav_thumbs count_1\" style=\"--thumbs-width:4rem;--thumbs-gap:4px;\"><div class=\"w-slider-h\" aria-hidden=\"true\"><div class=\"royalSlider\"><div class=\"rsContent\"><a class=\"rsImg\" data-rsw=\"1024\" data-rsh=\"1024\" href=\"https:\/\/mein.skiraum.at\/wp-content\/uploads\/2023\/08\/Garderobenbaenke.png\"><span data-alt=\"Panca da guardaroba\"><\/span><\/a><img loading=\"lazy\" decoding=\"async\" width=\"150\" height=\"150\" src=\"https:\/\/mein.skiraum.at\/wp-content\/uploads\/2023\/08\/Garderobenbaenke-150x150.png\" class=\"rsTmb\" alt=\"Panca da guardaroba\" srcset=\"https:\/\/mein.skiraum.at\/wp-content\/uploads\/2023\/08\/Garderobenbaenke-150x150.png 150w, https:\/\/mein.skiraum.at\/wp-content\/uploads\/2023\/08\/Garderobenbaenke-300x300.png 300w, https:\/\/mein.skiraum.at\/wp-content\/uploads\/2023\/08\/Garderobenbaenke.png 1024w\" sizes=\"auto, (max-width: 150px) 100vw, 150px\" \/><\/div><\/div><img decoding=\"async\" src=\"https:\/\/mein.skiraum.at\/wp-content\/uploads\/2023\/08\/Garderobenbaenke.png\" width=\"1024\" height=\"1024\" alt=\"Panca da guardaroba\" loading=\"lazy\"><\/div><div class=\"w-slider-json\" onclick='return {&quot;autoScaleSlider&quot;:true,&quot;addActiveClass&quot;:true,&quot;loop&quot;:true,&quot;fadeInLoadedSlide&quot;:false,&quot;slidesSpacing&quot;:0,&quot;imageScalePadding&quot;:0,&quot;numImagesToPreload&quot;:2,&quot;arrowsNav&quot;:true,&quot;arrowsNavAutoHide&quot;:false,&quot;transitionType&quot;:&quot;fade&quot;,&quot;transitionSpeed&quot;:250,&quot;block&quot;:{&quot;moveEffect&quot;:&quot;none&quot;,&quot;speed&quot;:300},&quot;thumbs&quot;:{&quot;fitInViewport&quot;:false,&quot;firstMargin&quot;:false,&quot;spacing&quot;:4},&quot;controlNavigation&quot;:&quot;none&quot;,&quot;autoScaleSliderWidth&quot;:1024,&quot;autoScaleSliderHeight&quot;:1024}'><\/div><\/div><\/div><\/div><\/div><div class=\"vc_col-sm-6 wpb_column vc_column_container\"><div class=\"vc_column-inner\"><div class=\"wpb_wrapper\">[vc_custom_heading text=&#8221;Panca da guardaroba&#8221; font_container=&#8221;tag:h1|text_align:left&#8221; use_theme_fonts=&#8221;yes&#8221; css=&#8221;%7B%22default%22%3A%7B%22margin-bottom%22%3A%220px%22%7D%2C%22mobiles%22%3A%7B%22font-size%22%3A%222.35rem%22%7D%7D&#8221;][vc_custom_heading text=&#8221;opzionalmente con scarpiera&#8221; use_theme_fonts=&#8221;yes&#8221; css=&#8221;%7B%22default%22%3A%7B%22font-size%22%3A%221.2rem%22%2C%22margin-bottom%22%3A%220px%22%7D%7D&#8221;]<div class=\"w-separator size_small\"><\/div><div class=\"wpb_text_column\"><div class=\"wpb_wrapper\"><p>Concedetevi la nostra esclusiva panca guardaroba monofacciale con scarpiera per il vostro deposito sci. La robusta struttura in tubo d&#8217;acciaio a sezione quadrata, completata da telai e griglie zincati elettroliticamente e verniciati a fuoco, promette una lunga durata. Il sedile, gli schienali e le guide di aggancio sono realizzati in pannello massiccio HPL di 13 mm di spessore con finitura decorativa per offrire il massimo comfort. Le guide regolabili sul pavimento facilitano l&#8217;allineamento della panca, mentre il binario di aggancio con doppi appendiabiti in plastica offre ampio spazio per l&#8217;attrezzatura. Poich\u00e9 la panchina viene consegnata completamente preassemblata, \u00e8 pronta per l&#8217;uso immediato. La scarpiera aggiuntiva offre maggiore comfort e spazio per le scarpe. Il colore standard del telaio \u00e8 nero-grigio RAL 7021.<\/p>\n<p>Trasformate il vostro deposito sci in un vero e proprio colpo d&#8217;occhio con la nostra panca guardaroba versatile e di alta qualit\u00e0!<\/p>\n<\/div><\/div><div class=\"w-separator size_small\"><\/div><div class=\"w-btn-wrapper align_left\"><a class=\"w-btn us-btn-style_1\" target=\"_blank\" rel=\"nofollow\" title=\"Fissare un appuntamento di consulenza\" href=\"https:\/\/mein.skiraum.at\/it\/#contatto\"><span class=\"w-btn-label\">Fissare un appuntamento di consulenza<\/span><\/a><\/div><div class=\"w-btn-wrapper align_none\"><a class=\"w-btn us-btn-style_6\" target=\"_blank\" href=\"https:\/\/shop.skiraum.at\/it-it\/products\/edelstahl-sitzbank\"><span class=\"w-btn-label\">Ordina nel negozio online<\/span><\/a><\/div><\/div><\/div><\/div><div class=\"vc_col-sm-12 wpb_column vc_column_container\"><div class=\"vc_column-inner\"><div class=\"wpb_wrapper\"><div class=\"w-separator size_medium\"><\/div><div class=\"g-cols wpb_row via_flex valign_top type_default stacking_default\" style=\"--additional-gap:10px;\"><div class=\"vc_col-sm-8 wpb_column vc_column_container has_bg_color\"><div class=\"vc_column-inner us_custom_e98afae7\"><div class=\"wpb_wrapper\">[vc_custom_heading text=&#8221;Descrizione dettagliata&#8221; use_theme_fonts=&#8221;yes&#8221; css=&#8221;%7B%22default%22%3A%7B%22margin-bottom%22%3A%220px%22%7D%7D&#8221;]<div class=\"w-separator size_small\"><\/div><div class=\"wpb_text_column\"><div class=\"wpb_wrapper\"><p>Panca guardaroba monofacciale con scarpiera:<\/p>\n<ul>\n<li>Robusta struttura in tubo quadro 30 x 30 mm in acciaio<\/li>\n<li>I telai e le griglie di calpestio sono zincati elettroliticamente come standard e<\/li>\n<li>Rivestimento di alta qualit\u00e0 verniciato a fuoco<\/li>\n<li>Sedile, schienale e guide di aggancio in lamiera Volkern<\/li>\n<li>(HPL, spessore 13 mm) con superficie decorativa<\/li>\n<li>Piedini regolabili per un facile livellamento (10 mm)<\/li>\n<li>Barra appendiabiti con doppi ganci in plastica<\/li>\n<li>Fornito completamente preassemblato<\/li>\n<li>Con scarpiera<\/li>\n<li>Colore standard del telaio: nero-grigio RAL 7021<\/li>\n<\/ul>\n<\/div><\/div><\/div><\/div><\/div><div class=\"vc_col-sm-4 wpb_column vc_column_container has_bg_color\"><div class=\"vc_column-inner us_custom_e98afae7\"><div class=\"wpb_wrapper\">[vc_custom_heading text=&#8221;Versione&#8221; use_theme_fonts=&#8221;yes&#8221;]<div class=\"w-separator size_small\"><\/div><div class=\"wpb_text_column\"><div class=\"wpb_wrapper\"><p><b>Numero di articolo<br \/>\n<\/b>8061-110<\/p>\n<p><b>Altezza | Larghezza | Profondit\u00e0 | Altezza del sedile<br \/>\n<\/b>165 | 150 | 40,7 | 40,1 cm<\/p>\n<\/div><\/div><\/div><\/div><\/div><\/div><div class=\"w-separator size_small\"><\/div><div class=\"w-btn-wrapper align_center\"><a class=\"w-btn us-btn-style_1\" target=\"_blank\" rel=\"nofollow\" title=\"Fissare un appuntamento di consulenza\" href=\"https:\/\/mein.skiraum.at\/it\/#contatto\"><span class=\"w-btn-label\">Fissare un appuntamento di consulenza<\/span><\/a><\/div><div class=\"w-separator size_large\"><\/div><\/div><\/div><\/div><\/div><\/div><\/section><section class=\"l-section wpb_row height_medium\"><div class=\"l-section-overlay\" style=\"background:var(--color-content-bg-alt)\"><\/div><div class=\"l-section-h i-cf\"><div class=\"g-cols vc_row via_flex valign_top type_default stacking_default\"><div class=\"vc_col-sm-12 wpb_column vc_column_container\"><div class=\"vc_column-inner\"><div class=\"wpb_wrapper\">[vc_custom_heading text=&#8221;Pi\u00f9 posti a sedere e panchine per il guardaroba del deposito sci&#8221; font_container=&#8221;tag:h3|text_align:center&#8221; use_theme_fonts=&#8221;yes&#8221; css=&#8221;%7B%22default%22%3A%7B%22margin-bottom%22%3A%220px%22%7D%7D&#8221;]<\/div><\/div><\/div><\/div><\/div><\/section><section class=\"l-section wpb_row height_medium\"><div class=\"l-section-overlay\" style=\"background:var(--color-content-bg-alt)\"><\/div><div class=\"l-section-h i-cf\"><div class=\"g-cols vc_row via_flex valign_top type_default stacking_default\"><div class=\"vc_col-sm-4 wpb_column vc_column_container\"><div class=\"vc_column-inner\"><div class=\"wpb_wrapper\"><div class=\"w-image align_none meta_simple\"><a title=\"Panchina in acciaio inox  \" href=\"https:\/\/mein.skiraum.at\/it\/casa\/panche-per-sedersi-e-guardaroba\/panchina-in-acciaio-inox\/\" aria-label=\"Acciaio inossidabile da banco\" class=\"w-image-h\"><img decoding=\"async\" width=\"1024\" height=\"1024\" src=\"https:\/\/mein.skiraum.at\/wp-content\/uploads\/2023\/08\/Sitzbank-Edelstahl.png\" class=\"attachment-large size-large\" alt=\"Acciaio inossidabile da banco\" loading=\"lazy\" srcset=\"https:\/\/mein.skiraum.at\/wp-content\/uploads\/2023\/08\/Sitzbank-Edelstahl.png 1024w, https:\/\/mein.skiraum.at\/wp-content\/uploads\/2023\/08\/Sitzbank-Edelstahl-300x300.png 300w, https:\/\/mein.skiraum.at\/wp-content\/uploads\/2023\/08\/Sitzbank-Edelstahl-150x150.png 150w\" sizes=\"auto, (max-width: 1024px) 100vw, 1024px\" \/><\/a><div class=\"w-image-meta\"><div class=\"w-image-title\">Acciaio inossidabile da banco<\/div><\/div><\/div><\/div><\/div><\/div><div class=\"vc_col-sm-4 wpb_column vc_column_container\"><div class=\"vc_column-inner\"><div class=\"wpb_wrapper\"><div class=\"w-image align_none meta_simple\"><a title=\"Panchina VITA\" href=\"https:\/\/mein.skiraum.at\/it\/casa\/panche-per-sedersi-e-guardaroba\/panchina-vita\/\" aria-label=\"Panchina Vita\" class=\"w-image-h\"><img decoding=\"async\" width=\"1024\" height=\"1024\" src=\"https:\/\/mein.skiraum.at\/wp-content\/uploads\/2023\/08\/Sitzbank-Vita.png\" class=\"attachment-large size-large\" alt=\"Panchina Vita\" loading=\"lazy\" srcset=\"https:\/\/mein.skiraum.at\/wp-content\/uploads\/2023\/08\/Sitzbank-Vita.png 1024w, https:\/\/mein.skiraum.at\/wp-content\/uploads\/2023\/08\/Sitzbank-Vita-300x300.png 300w, https:\/\/mein.skiraum.at\/wp-content\/uploads\/2023\/08\/Sitzbank-Vita-150x150.png 150w\" sizes=\"auto, (max-width: 1024px) 100vw, 1024px\" \/><\/a><div class=\"w-image-meta\"><div class=\"w-image-title\">Panchina Vita<\/div><\/div><\/div><\/div><\/div><\/div><div class=\"vc_col-sm-4 wpb_column vc_column_container\"><div class=\"vc_column-inner\"><div class=\"wpb_wrapper\"><div class=\"w-image align_none meta_simple\"><a target=\"_blank\" rel=\"nofollow\" title=\"Sitzbank Holu\" href=\"https:\/\/mein.skiraum.at\/it\/casa\/panche-per-sedersi-e-guardaroba\/panchina-in-legno\/\" aria-label=\"Panca in legno con scarpiera\" class=\"w-image-h\"><img decoding=\"async\" width=\"900\" height=\"900\" src=\"https:\/\/mein.skiraum.at\/wp-content\/uploads\/2023\/09\/Sitzbank-mit-Schuhrost.png\" class=\"attachment-large size-large\" alt=\"Panca in legno con scarpiera\" loading=\"lazy\" srcset=\"https:\/\/mein.skiraum.at\/wp-content\/uploads\/2023\/09\/Sitzbank-mit-Schuhrost.png 900w, https:\/\/mein.skiraum.at\/wp-content\/uploads\/2023\/09\/Sitzbank-mit-Schuhrost-300x300.png 300w, https:\/\/mein.skiraum.at\/wp-content\/uploads\/2023\/09\/Sitzbank-mit-Schuhrost-150x150.png 150w\" sizes=\"auto, (max-width: 900px) 100vw, 900px\" \/><\/a><div class=\"w-image-meta\"><div class=\"w-image-title\">Panca in legno con scarpiera<\/div><\/div><\/div><\/div><\/div><\/div><\/div><\/div><\/section>\n","protected":false},"excerpt":{"rendered":"CasaPagine[vc_custom_heading text=\"Panca da guardaroba\" font_container=\"tag:h1|text_align:left\" use_theme_fonts=\"yes\" css=\"%7B%22default%22%3A%7B%22margin-bottom%22%3A%220px%22%7D%2C%22mobiles%22%3A%7B%22font-size%22%3A%222.35rem%22%7D%7D\"][vc_custom_heading text=\"opzionalmente con scarpiera\" use_theme_fonts=\"yes\" css=\"%7B%22default%22%3A%7B%22font-size%22%3A%221.2rem%22%2C%22margin-bottom%22%3A%220px%22%7D%7D\"]Concedetevi la nostra esclusiva panca guardaroba monofacciale con scarpiera per il vostro deposito sci. La robusta struttura in tubo d&#8217;acciaio a sezione quadrata, completata da telai e griglie zincati elettroliticamente e verniciati a fuoco, promette una lunga durata. Il sedile, gli schienali e le...","protected":false},"author":8,"featured_media":3584,"parent":3968,"menu_order":0,"comment_status":"closed","ping_status":"closed","template":"","meta":{"footnotes":""},"class_list":["post-4027","page","type-page","status-publish","has-post-thumbnail","hentry"],"aioseo_notices":[],"aioseo_head":"\n\t\t<!-- All in One SEO Pro 5.0.1.1 - aioseo.com -->\n\t<meta name=\"description\" content=\"Exklusive einseitige Garderobenbank f\u00fcr Skir\u00e4ume: Robust, komfortabel &amp; stilvoll. Perfekt f\u00fcr Schuhe &amp; Ausr\u00fcstung. H\u00f6chste Qualit\u00e4t garantiert!\" \/>\n\t<meta name=\"robots\" content=\"max-image-preview:large\" \/>\n\t<link rel=\"canonical\" href=\"https:\/\/mein.skiraum.at\/it\/casa\/panche-per-sedersi-e-guardaroba\/panca-da-guardaroba\/\" \/>\n\t<meta name=\"generator\" content=\"All in One SEO Pro (AIOSEO) 5.0.1.1\" \/>\n\t\t<meta property=\"og:locale\" content=\"it_IT\" \/>\n\t\t<meta property=\"og:site_name\" content=\"#titolo_sito\" \/>\n\t\t<meta property=\"og:type\" content=\"article\" \/>\n\t\t<meta property=\"og:title\" content=\"Die exklusive Garderobenbank | Il mio deposito sci\" \/>\n\t\t<meta property=\"og:description\" content=\"Exklusive einseitige Garderobenbank f\u00fcr Skir\u00e4ume: Robust, komfortabel &amp; stilvoll. Perfekt f\u00fcr Schuhe &amp; Ausr\u00fcstung. H\u00f6chste Qualit\u00e4t garantiert!\" \/>\n\t\t<meta property=\"og:url\" content=\"https:\/\/mein.skiraum.at\/it\/casa\/panche-per-sedersi-e-guardaroba\/panca-da-guardaroba\/\" \/>\n\t\t<meta property=\"article:published_time\" content=\"2023-08-31T10:44:22+00:00\" \/>\n\t\t<meta property=\"article:modified_time\" content=\"2026-04-03T06:45:38+00:00\" \/>\n\t\t<meta property=\"article:publisher\" content=\"https:\/\/www.facebook.com\/regensburgerhandelsgmbh\" \/>\n\t\t<meta name=\"twitter:card\" content=\"summary_large_image\" \/>\n\t\t<meta name=\"twitter:title\" content=\"Die exklusive Garderobenbank | Il mio deposito sci\" \/>\n\t\t<meta name=\"twitter:description\" content=\"Exklusive einseitige Garderobenbank f\u00fcr Skir\u00e4ume: Robust, komfortabel &amp; stilvoll. Perfekt f\u00fcr Schuhe &amp; Ausr\u00fcstung. H\u00f6chste Qualit\u00e4t garantiert!\" \/>\n\t\t<meta name=\"twitter:label1\" content=\"Scritto da\" \/>\n\t\t<meta name=\"twitter:data1\" content=\"Serafin Regensburger\" \/>\n\t\t<meta name=\"twitter:label2\" content=\"Tempo di lettura stimato\" \/>\n\t\t<meta name=\"twitter:data2\" content=\"4 minuti\" \/>\n\t\t<script type=\"application\/ld+json\" class=\"aioseo-schema\">\n\t\t\t{\"@context\":\"https:\\\/\\\/schema.org\",\"@graph\":[{\"@type\":\"BreadcrumbList\",\"@id\":\"https:\\\/\\\/mein.skiraum.at\\\/it\\\/casa\\\/panche-per-sedersi-e-guardaroba\\\/panca-da-guardaroba\\\/#breadcrumblist\",\"itemListElement\":[{\"@type\":\"ListItem\",\"@id\":\"https:\\\/\\\/mein.skiraum.at\\\/it\\\/#listItem\",\"position\":1,\"name\":\"Home\",\"item\":\"https:\\\/\\\/mein.skiraum.at\\\/it\\\/\",\"nextItem\":{\"@type\":\"ListItem\",\"@id\":\"https:\\\/\\\/mein.skiraum.at\\\/it\\\/casa\\\/panche-per-sedersi-e-guardaroba\\\/#listItem\",\"name\":\"Panche per sedersi e guardaroba\"}},{\"@type\":\"ListItem\",\"@id\":\"https:\\\/\\\/mein.skiraum.at\\\/it\\\/casa\\\/panche-per-sedersi-e-guardaroba\\\/#listItem\",\"position\":2,\"name\":\"Panche per sedersi e guardaroba\",\"item\":\"https:\\\/\\\/mein.skiraum.at\\\/it\\\/casa\\\/panche-per-sedersi-e-guardaroba\\\/\",\"nextItem\":{\"@type\":\"ListItem\",\"@id\":\"https:\\\/\\\/mein.skiraum.at\\\/it\\\/casa\\\/panche-per-sedersi-e-guardaroba\\\/panca-da-guardaroba\\\/#listItem\",\"name\":\"Panca da guardaroba\"},\"previousItem\":{\"@type\":\"ListItem\",\"@id\":\"https:\\\/\\\/mein.skiraum.at\\\/it\\\/#listItem\",\"name\":\"Home\"}},{\"@type\":\"ListItem\",\"@id\":\"https:\\\/\\\/mein.skiraum.at\\\/it\\\/casa\\\/panche-per-sedersi-e-guardaroba\\\/panca-da-guardaroba\\\/#listItem\",\"position\":3,\"name\":\"Panca da guardaroba\",\"previousItem\":{\"@type\":\"ListItem\",\"@id\":\"https:\\\/\\\/mein.skiraum.at\\\/it\\\/casa\\\/panche-per-sedersi-e-guardaroba\\\/#listItem\",\"name\":\"Panche per sedersi e guardaroba\"}}]},{\"@type\":\"Organization\",\"@id\":\"https:\\\/\\\/mein.skiraum.at\\\/it\\\/#organization\",\"name\":\"Regensburger Handels GmbH\",\"description\":\"Bei uns finden Sie die passenden Produkte f\\u00fcr Ihren Skiraum. Made in the Alps.\",\"url\":\"https:\\\/\\\/mein.skiraum.at\\\/it\\\/\",\"email\":\"info@skiraum.at\",\"telephone\":\"+4354745500\",\"logo\":{\"@type\":\"ImageObject\",\"url\":\"https:\\\/\\\/mein.skiraum.at\\\/wp-content\\\/uploads\\\/2022\\\/10\\\/Skiraum-by-Regensburger.png\",\"@id\":\"https:\\\/\\\/mein.skiraum.at\\\/it\\\/casa\\\/panche-per-sedersi-e-guardaroba\\\/panca-da-guardaroba\\\/#organizationLogo\",\"width\":1681,\"height\":546},\"image\":{\"@id\":\"https:\\\/\\\/mein.skiraum.at\\\/it\\\/casa\\\/panche-per-sedersi-e-guardaroba\\\/panca-da-guardaroba\\\/#organizationLogo\"},\"sameAs\":[\"https:\\\/\\\/www.facebook.com\\\/regensburgerhandelsgmbh\",\"https:\\\/\\\/www.instagram.com\\\/skiraum_bikeraum_regensburger\\\/\",\"https:\\\/\\\/www.youtube.com\\\/@skiraumbikeraumregensburger\",\"https:\\\/\\\/www.linkedin.com\\\/company\\\/skiraum-regensburger\"]},{\"@type\":\"WebPage\",\"@id\":\"https:\\\/\\\/mein.skiraum.at\\\/it\\\/casa\\\/panche-per-sedersi-e-guardaroba\\\/panca-da-guardaroba\\\/#webpage\",\"url\":\"https:\\\/\\\/mein.skiraum.at\\\/it\\\/casa\\\/panche-per-sedersi-e-guardaroba\\\/panca-da-guardaroba\\\/\",\"name\":\"Die exklusive Garderobenbank | Il mio deposito sci\",\"description\":\"Exklusive einseitige Garderobenbank f\\u00fcr Skir\\u00e4ume: Robust, komfortabel & stilvoll. Perfekt f\\u00fcr Schuhe & Ausr\\u00fcstung. H\\u00f6chste Qualit\\u00e4t garantiert!\",\"inLanguage\":\"it-IT\",\"isPartOf\":{\"@id\":\"https:\\\/\\\/mein.skiraum.at\\\/it\\\/#website\"},\"breadcrumb\":{\"@id\":\"https:\\\/\\\/mein.skiraum.at\\\/it\\\/casa\\\/panche-per-sedersi-e-guardaroba\\\/panca-da-guardaroba\\\/#breadcrumblist\"},\"image\":{\"@type\":\"ImageObject\",\"url\":\"https:\\\/\\\/mein.skiraum.at\\\/wp-content\\\/uploads\\\/2023\\\/08\\\/Garderobenbaenke.png\",\"@id\":\"https:\\\/\\\/mein.skiraum.at\\\/it\\\/casa\\\/panche-per-sedersi-e-guardaroba\\\/panca-da-guardaroba\\\/#mainImage\",\"width\":1024,\"height\":1024,\"caption\":\"Panca da guardaroba\"},\"primaryImageOfPage\":{\"@id\":\"https:\\\/\\\/mein.skiraum.at\\\/it\\\/casa\\\/panche-per-sedersi-e-guardaroba\\\/panca-da-guardaroba\\\/#mainImage\"},\"datePublished\":\"2023-08-31T12:44:22+02:00\",\"dateModified\":\"2026-04-03T08:45:38+02:00\"},{\"@type\":\"WebSite\",\"@id\":\"https:\\\/\\\/mein.skiraum.at\\\/it\\\/#website\",\"url\":\"https:\\\/\\\/mein.skiraum.at\\\/it\\\/\",\"name\":\"Der perfekte Skiraum\",\"description\":\"by Regensburger\",\"inLanguage\":\"it-IT\",\"publisher\":{\"@id\":\"https:\\\/\\\/mein.skiraum.at\\\/it\\\/#organization\"}}]}\n\t\t<\/script>\n\t\t<!-- All in One SEO Pro -->\r\n\t\t<title>Die exklusive Garderobenbank | Il mio deposito sci<\/title>\n\n","aioseo_head_json":{"title":"Die exklusive Garderobenbank | Il mio deposito sci","description":"Exklusive einseitige Garderobenbank f\u00fcr Skir\u00e4ume: Robust, komfortabel & stilvoll. Perfekt f\u00fcr Schuhe & Ausr\u00fcstung. H\u00f6chste Qualit\u00e4t garantiert!","canonical_url":"https:\/\/mein.skiraum.at\/it\/casa\/panche-per-sedersi-e-guardaroba\/panca-da-guardaroba\/","robots":"max-image-preview:large","keywords":"","webmasterTools":{"miscellaneous":""},"schema":{"@context":"https:\/\/schema.org","@graph":[{"@type":"BreadcrumbList","@id":"https:\/\/mein.skiraum.at\/it\/casa\/panche-per-sedersi-e-guardaroba\/panca-da-guardaroba\/#breadcrumblist","itemListElement":[{"@type":"ListItem","@id":"https:\/\/mein.skiraum.at\/it\/#listItem","position":1,"name":"Home","item":"https:\/\/mein.skiraum.at\/it\/","nextItem":{"@type":"ListItem","@id":"https:\/\/mein.skiraum.at\/it\/casa\/panche-per-sedersi-e-guardaroba\/#listItem","name":"Panche per sedersi e guardaroba"}},{"@type":"ListItem","@id":"https:\/\/mein.skiraum.at\/it\/casa\/panche-per-sedersi-e-guardaroba\/#listItem","position":2,"name":"Panche per sedersi e guardaroba","item":"https:\/\/mein.skiraum.at\/it\/casa\/panche-per-sedersi-e-guardaroba\/","nextItem":{"@type":"ListItem","@id":"https:\/\/mein.skiraum.at\/it\/casa\/panche-per-sedersi-e-guardaroba\/panca-da-guardaroba\/#listItem","name":"Panca da guardaroba"},"previousItem":{"@type":"ListItem","@id":"https:\/\/mein.skiraum.at\/it\/#listItem","name":"Home"}},{"@type":"ListItem","@id":"https:\/\/mein.skiraum.at\/it\/casa\/panche-per-sedersi-e-guardaroba\/panca-da-guardaroba\/#listItem","position":3,"name":"Panca da guardaroba","previousItem":{"@type":"ListItem","@id":"https:\/\/mein.skiraum.at\/it\/casa\/panche-per-sedersi-e-guardaroba\/#listItem","name":"Panche per sedersi e guardaroba"}}]},{"@type":"Organization","@id":"https:\/\/mein.skiraum.at\/it\/#organization","name":"Regensburger Handels GmbH","description":"Bei uns finden Sie die passenden Produkte f\u00fcr Ihren Skiraum. Made in the Alps.","url":"https:\/\/mein.skiraum.at\/it\/","email":"info@skiraum.at","telephone":"+4354745500","logo":{"@type":"ImageObject","url":"https:\/\/mein.skiraum.at\/wp-content\/uploads\/2022\/10\/Skiraum-by-Regensburger.png","@id":"https:\/\/mein.skiraum.at\/it\/casa\/panche-per-sedersi-e-guardaroba\/panca-da-guardaroba\/#organizationLogo","width":1681,"height":546},"image":{"@id":"https:\/\/mein.skiraum.at\/it\/casa\/panche-per-sedersi-e-guardaroba\/panca-da-guardaroba\/#organizationLogo"},"sameAs":["https:\/\/www.facebook.com\/regensburgerhandelsgmbh","https:\/\/www.instagram.com\/skiraum_bikeraum_regensburger\/","https:\/\/www.youtube.com\/@skiraumbikeraumregensburger","https:\/\/www.linkedin.com\/company\/skiraum-regensburger"]},{"@type":"WebPage","@id":"https:\/\/mein.skiraum.at\/it\/casa\/panche-per-sedersi-e-guardaroba\/panca-da-guardaroba\/#webpage","url":"https:\/\/mein.skiraum.at\/it\/casa\/panche-per-sedersi-e-guardaroba\/panca-da-guardaroba\/","name":"Die exklusive Garderobenbank | Il mio deposito sci","description":"Exklusive einseitige Garderobenbank f\u00fcr Skir\u00e4ume: Robust, komfortabel & stilvoll. Perfekt f\u00fcr Schuhe & Ausr\u00fcstung. H\u00f6chste Qualit\u00e4t garantiert!","inLanguage":"it-IT","isPartOf":{"@id":"https:\/\/mein.skiraum.at\/it\/#website"},"breadcrumb":{"@id":"https:\/\/mein.skiraum.at\/it\/casa\/panche-per-sedersi-e-guardaroba\/panca-da-guardaroba\/#breadcrumblist"},"image":{"@type":"ImageObject","url":"https:\/\/mein.skiraum.at\/wp-content\/uploads\/2023\/08\/Garderobenbaenke.png","@id":"https:\/\/mein.skiraum.at\/it\/casa\/panche-per-sedersi-e-guardaroba\/panca-da-guardaroba\/#mainImage","width":1024,"height":1024,"caption":"Panca da guardaroba"},"primaryImageOfPage":{"@id":"https:\/\/mein.skiraum.at\/it\/casa\/panche-per-sedersi-e-guardaroba\/panca-da-guardaroba\/#mainImage"},"datePublished":"2023-08-31T12:44:22+02:00","dateModified":"2026-04-03T08:45:38+02:00"},{"@type":"WebSite","@id":"https:\/\/mein.skiraum.at\/it\/#website","url":"https:\/\/mein.skiraum.at\/it\/","name":"Der perfekte Skiraum","description":"by Regensburger","inLanguage":"it-IT","publisher":{"@id":"https:\/\/mein.skiraum.at\/it\/#organization"}}]},"og:locale":"it_IT","og:site_name":"#titolo_sito","og:type":"article","og:title":"Die exklusive Garderobenbank | Il mio deposito sci","og:description":"Exklusive einseitige Garderobenbank f\u00fcr Skir\u00e4ume: Robust, komfortabel &amp; stilvoll. Perfekt f\u00fcr Schuhe &amp; Ausr\u00fcstung. H\u00f6chste Qualit\u00e4t garantiert!","og:url":"https:\/\/mein.skiraum.at\/it\/casa\/panche-per-sedersi-e-guardaroba\/panca-da-guardaroba\/","article:published_time":"2023-08-31T10:44:22+00:00","article:modified_time":"2026-04-03T06:45:38+00:00","article:publisher":"https:\/\/www.facebook.com\/regensburgerhandelsgmbh","twitter:card":"summary_large_image","twitter:title":"Die exklusive Garderobenbank | Il mio deposito sci","twitter:description":"Exklusive einseitige Garderobenbank f\u00fcr Skir\u00e4ume: Robust, komfortabel &amp; stilvoll. Perfekt f\u00fcr Schuhe &amp; Ausr\u00fcstung. H\u00f6chste Qualit\u00e4t garantiert!","twitter:label1":"Scritto da","twitter:data1":"Serafin Regensburger","twitter:label2":"Tempo di lettura stimato","twitter:data2":"4 minuti"},"aioseo_meta_data":{"post_id":"4027","title":"Die exklusive Garderobenbank #separator_sa #site_title","description":"Exklusive einseitige Garderobenbank f\u00fcr Skir\u00e4ume: Robust, komfortabel &amp; stilvoll. Perfekt f\u00fcr Schuhe &amp; Ausr\u00fcstung. H\u00f6chste Qualit\u00e4t garantiert!","keywords":null,"keyphrases":{"focus":{"keyphrase":"Garderobenbank","score":54,"analysis":{"keyphraseInTitle":{"score":9,"maxScore":9,"error":0},"keyphraseInDescription":{"score":9,"maxScore":9,"error":0},"keyphraseLength":{"score":9,"maxScore":9,"error":0,"length":1},"keyphraseInURL":{"score":1,"maxScore":5,"error":1},"keyphraseInIntroduction":{"score":3,"maxScore":9,"error":1},"keyphraseInSubHeadings":{"score":3,"maxScore":9,"error":1},"keyphraseInImageAlt":{"score":3,"maxScore":9,"error":1},"keywordDensity":{"score":0,"type":"low","maxScore":9,"error":1}}},"additional":[]},"primary_term":null,"canonical_url":null,"og_title":null,"og_description":null,"og_object_type":"default","og_image_type":"default","og_image_url":null,"og_image_width":null,"og_image_height":null,"og_image_custom_url":null,"og_image_custom_fields":null,"og_video":"","og_custom_url":null,"og_article_section":null,"og_article_tags":null,"twitter_use_og":false,"twitter_card":"default","twitter_image_type":"default","twitter_image_url":null,"twitter_image_custom_url":null,"twitter_image_custom_fields":null,"twitter_title":null,"twitter_description":null,"schema":{"blockGraphs":[],"customGraphs":[],"default":{"data":{"Article":[],"Course":[],"Dataset":[],"FAQPage":[],"Movie":[],"Person":[],"Product":[],"ProductReview":[],"Car":[],"Recipe":[],"Service":[],"SoftwareApplication":[],"WebPage":[]},"graphName":"WebPage","isEnabled":true},"graphs":[]},"schema_type":"default","schema_type_options":null,"pillar_content":false,"robots_default":true,"robots_noindex":false,"robots_noarchive":false,"robots_nosnippet":false,"robots_nofollow":false,"robots_noimageindex":false,"robots_noodp":false,"robots_notranslate":false,"robots_max_snippet":"-1","robots_max_videopreview":"-1","robots_max_imagepreview":"large","priority":null,"frequency":"default","local_seo":null,"seo_analyzer_scan_date":null,"breadcrumb_settings":null,"limit_modified_date":false,"open_ai":"{\"title\":{\"suggestions\":[],\"usage\":0},\"description\":{\"suggestions\":[],\"usage\":0}}","ai":{"faqs":[],"keyPoints":[],"titles":[],"descriptions":[],"socialPosts":{"email":[],"linkedin":[],"twitter":[],"facebook":[],"instagram":[]}},"created":"2023-09-04 15:09:03","updated":"2026-04-03 06:46:11","focus_keyword":"Garderobenbank","additional_keywords":null,"truseo_locale":null},"aioseo_breadcrumb":"<div class=\"aioseo-breadcrumbs\"><span class=\"aioseo-breadcrumb\">\n\t<a href=\"https:\/\/mein.skiraum.at\/it\/\" title=\"Home\">Home<\/a>\n<\/span><span class=\"aioseo-breadcrumb-separator\">&raquo;<\/span><span class=\"aioseo-breadcrumb\">\n\t<a href=\"https:\/\/mein.skiraum.at\/it\/casa\/panche-per-sedersi-e-guardaroba\/\" title=\"Panche per sedersi e guardaroba\">Panche per sedersi e guardaroba<\/a>\n<\/span><span class=\"aioseo-breadcrumb-separator\">&raquo;<\/span><span class=\"aioseo-breadcrumb\">\n\tPanca da guardaroba\n<\/span><\/div>","aioseo_breadcrumb_json":[{"label":"Home","link":"https:\/\/mein.skiraum.at\/it\/"},{"label":"Panche per sedersi e guardaroba","link":"https:\/\/mein.skiraum.at\/it\/casa\/panche-per-sedersi-e-guardaroba\/"},{"label":"Panca da guardaroba","link":"https:\/\/mein.skiraum.at\/it\/casa\/panche-per-sedersi-e-guardaroba\/panca-da-guardaroba\/"}],"_links":{"self":[{"href":"https:\/\/mein.skiraum.at\/it\/wp-json\/wp\/v2\/pages\/4027","targetHints":{"allow":["GET"]}}],"collection":[{"href":"https:\/\/mein.skiraum.at\/it\/wp-json\/wp\/v2\/pages"}],"about":[{"href":"https:\/\/mein.skiraum.at\/it\/wp-json\/wp\/v2\/types\/page"}],"author":[{"embeddable":true,"href":"https:\/\/mein.skiraum.at\/it\/wp-json\/wp\/v2\/users\/8"}],"replies":[{"embeddable":true,"href":"https:\/\/mein.skiraum.at\/it\/wp-json\/wp\/v2\/comments?post=4027"}],"version-history":[{"count":9,"href":"https:\/\/mein.skiraum.at\/it\/wp-json\/wp\/v2\/pages\/4027\/revisions"}],"predecessor-version":[{"id":5747,"href":"https:\/\/mein.skiraum.at\/it\/wp-json\/wp\/v2\/pages\/4027\/revisions\/5747"}],"up":[{"embeddable":true,"href":"https:\/\/mein.skiraum.at\/it\/wp-json\/wp\/v2\/pages\/3968"}],"wp:featuredmedia":[{"embeddable":true,"href":"https:\/\/mein.skiraum.at\/it\/wp-json\/wp\/v2\/media\/3584"}],"wp:attachment":[{"href":"https:\/\/mein.skiraum.at\/it\/wp-json\/wp\/v2\/media?parent=4027"}],"curies":[{"name":"wp","href":"https:\/\/api.w.org\/{rel}","templated":true}]}}