{"id":4038,"date":"2023-08-31T12:23:45","date_gmt":"2023-08-31T10:23:45","guid":{"rendered":"https:\/\/mein.skiraum.at\/casa\/panche-per-sedersi-e-guardaroba\/panchina-in-legno\/"},"modified":"2026-04-03T08:45:24","modified_gmt":"2026-04-03T06:45:24","slug":"panchina-in-legno","status":"publish","type":"page","link":"https:\/\/mein.skiraum.at\/it\/casa\/panche-per-sedersi-e-guardaroba\/panchina-in-legno\/","title":{"rendered":"Panchina in legno"},"content":{"rendered":"<section class=\"l-section wpb_row height_medium\"><div class=\"l-section-h i-cf\"><div class=\"g-cols vc_row via_flex valign_top type_default stacking_default\"><div class=\"vc_col-sm-12 wpb_column vc_column_container\"><div class=\"vc_column-inner\"><div class=\"wpb_wrapper\"><nav class=\"g-breadcrumbs separator_icon align_left\" itemscope itemtype=\"http:\/\/schema.org\/BreadcrumbList\"><div class=\"g-breadcrumbs-item\" itemscope itemprop=\"itemListElement\" itemtype=\"http:\/\/schema.org\/ListItem\"><a itemprop=\"item\" href=\"https:\/\/mein.skiraum.at\/it\/\"><span itemprop=\"name\">Casa<\/span><\/a><meta itemprop=\"position\" content=\"1\"\/><\/div><div class=\"g-breadcrumbs-separator\"><i class=\"far fa-angle-right\"><\/i><\/div><div aria-current=\"page\" class=\"g-breadcrumbs-item\" itemscope itemprop=\"itemListElement\" itemtype=\"http:\/\/schema.org\/ListItem\"><span itemprop=\"name\">Pagine<\/span><meta itemprop=\"position\" content=\"2\"\/><\/div><\/nav><\/div><\/div><\/div><\/div><\/div><\/section><section class=\"l-section wpb_row height_auto\"><div class=\"l-section-h i-cf\"><div class=\"g-cols vc_row via_flex valign_top type_default stacking_default\"><div class=\"vc_col-sm-6 wpb_column vc_column_container\"><div class=\"vc_column-inner\"><div class=\"wpb_wrapper\"><div class=\"w-slider style_none fit_cover nav_thumbs count_2\" style=\"--thumbs-width:4rem;--thumbs-gap:4px;\"><div class=\"w-slider-h\" aria-hidden=\"true\"><div class=\"royalSlider\"><div class=\"rsContent\"><a class=\"rsImg\" data-rsw=\"900\" data-rsh=\"900\" href=\"https:\/\/mein.skiraum.at\/wp-content\/uploads\/2023\/09\/Sitzbank-mit-Schuhrost.png\"><span data-alt=\"Panca in legno con scarpiera\"><\/span><\/a><img loading=\"lazy\" decoding=\"async\" width=\"150\" height=\"150\" src=\"https:\/\/mein.skiraum.at\/wp-content\/uploads\/2023\/09\/Sitzbank-mit-Schuhrost-150x150.png\" class=\"rsTmb\" alt=\"Panca in legno con scarpiera\" srcset=\"https:\/\/mein.skiraum.at\/wp-content\/uploads\/2023\/09\/Sitzbank-mit-Schuhrost-150x150.png 150w, https:\/\/mein.skiraum.at\/wp-content\/uploads\/2023\/09\/Sitzbank-mit-Schuhrost-300x300.png 300w, https:\/\/mein.skiraum.at\/wp-content\/uploads\/2023\/09\/Sitzbank-mit-Schuhrost.png 900w\" sizes=\"auto, (max-width: 150px) 100vw, 150px\" \/><\/div><div class=\"rsContent\"><a class=\"rsImg\" data-rsw=\"900\" data-rsh=\"900\" href=\"https:\/\/mein.skiraum.at\/wp-content\/uploads\/2023\/09\/Sitzbank-Holz.png\"><span data-alt=\"Panchina in legno\"><\/span><\/a><img loading=\"lazy\" decoding=\"async\" width=\"150\" height=\"150\" src=\"https:\/\/mein.skiraum.at\/wp-content\/uploads\/2023\/09\/Sitzbank-Holz-150x150.png\" class=\"rsTmb\" alt=\"Panchina in legno\" srcset=\"https:\/\/mein.skiraum.at\/wp-content\/uploads\/2023\/09\/Sitzbank-Holz-150x150.png 150w, https:\/\/mein.skiraum.at\/wp-content\/uploads\/2023\/09\/Sitzbank-Holz-300x300.png 300w, https:\/\/mein.skiraum.at\/wp-content\/uploads\/2023\/09\/Sitzbank-Holz.png 900w\" sizes=\"auto, (max-width: 150px) 100vw, 150px\" \/><\/div><\/div><img decoding=\"async\" src=\"https:\/\/mein.skiraum.at\/wp-content\/uploads\/2023\/09\/Sitzbank-mit-Schuhrost.png\" width=\"900\" height=\"900\" alt=\"Panca in legno con scarpiera\" loading=\"lazy\"><\/div><div class=\"w-slider-json\" onclick='return {&quot;autoScaleSlider&quot;:true,&quot;addActiveClass&quot;:true,&quot;loop&quot;:true,&quot;fadeInLoadedSlide&quot;:false,&quot;slidesSpacing&quot;:0,&quot;imageScalePadding&quot;:0,&quot;numImagesToPreload&quot;:2,&quot;arrowsNav&quot;:true,&quot;arrowsNavAutoHide&quot;:false,&quot;transitionType&quot;:&quot;fade&quot;,&quot;transitionSpeed&quot;:250,&quot;block&quot;:{&quot;moveEffect&quot;:&quot;none&quot;,&quot;speed&quot;:300},&quot;thumbs&quot;:{&quot;fitInViewport&quot;:false,&quot;firstMargin&quot;:false,&quot;spacing&quot;:4},&quot;controlNavigation&quot;:&quot;thumbnails&quot;,&quot;autoScaleSliderWidth&quot;:900,&quot;autoScaleSliderHeight&quot;:900}'><\/div><\/div><\/div><\/div><\/div><div class=\"vc_col-sm-6 wpb_column vc_column_container\"><div class=\"vc_column-inner\"><div class=\"wpb_wrapper\">[vc_custom_heading text=&#8221;Panchina&#8221; font_container=&#8221;tag:h1|text_align:left&#8221; use_theme_fonts=&#8221;yes&#8221; css=&#8221;%7B%22default%22%3A%7B%22margin-bottom%22%3A%220px%22%7D%7D&#8221;][vc_custom_heading text=&#8221;opzionalmente con scarpiera&#8221; use_theme_fonts=&#8221;yes&#8221; css=&#8221;%7B%22default%22%3A%7B%22font-size%22%3A%221.2rem%22%2C%22margin-bottom%22%3A%220px%22%7D%7D&#8221;]<div class=\"w-separator size_small\"><\/div><div class=\"wpb_text_column\"><div class=\"wpb_wrapper\"><p>Date un tocco di eleganza al vostro deposito sci con la nostra robusta panca in legno in lamiera d&#8217;acciaio verniciata! Le doghe della seduta in legno di faggio piallato creano un&#8217;atmosfera invitante e mettono in risalto le tonalit\u00e0 naturali del legno. Le guide regolabili sul pavimento consentono di regolare facilmente la panca all&#8217;altezza desiderata, mentre viene fornita completamente preassemblata per poterla utilizzare subito.<\/p>\n<p>Forniti di serie in antracite RAL 7021, offriamo anche doghe di seduta in plastica senza alcun sovrapprezzo, ideali per gli ambienti umidi. Inoltre, \u00e8 disponibile come optional una griglia per scarpe, che pu\u00f2 essere montata anche in un secondo momento. La nostra panchina in legno \u00e8 larga 150 cm, profonda 35 cm e alta 42 cm e offre spazio sufficiente per riposare e cambiarsi.<\/p>\n<p>Con noi avete la possibilit\u00e0 di scegliere: scoprite subito la nostra panca versatile e di alta qualit\u00e0, disponibile anche con scarpiera!<\/p>\n<\/div><\/div><div class=\"w-separator size_small\"><\/div><div class=\"w-btn-wrapper align_left\"><a class=\"w-btn us-btn-style_1\" target=\"_blank\" rel=\"nofollow\" title=\"Fissare un appuntamento di consulenza\" href=\"https:\/\/mein.skiraum.at\/it\/#contatto\"><span class=\"w-btn-label\">Fissare un appuntamento di consulenza<\/span><\/a><\/div><div class=\"w-btn-wrapper align_none\"><a class=\"w-btn us-btn-style_6\" target=\"_blank\" href=\"https:\/\/shop.skiraum.at\/it-it\/products\/edelstahl-sitzbank\"><span class=\"w-btn-label\">Ordina nel negozio online<\/span><\/a><\/div><\/div><\/div><\/div><div class=\"vc_col-sm-12 wpb_column vc_column_container\"><div class=\"vc_column-inner\"><div class=\"wpb_wrapper\"><div class=\"w-separator size_medium\"><\/div><div class=\"g-cols wpb_row via_flex valign_top type_default stacking_default\" style=\"--additional-gap:10px;\"><div class=\"vc_col-sm-8 wpb_column vc_column_container has_bg_color\"><div class=\"vc_column-inner us_custom_e98afae7\"><div class=\"wpb_wrapper\">[vc_custom_heading text=&#8221;Descrizione dettagliata&#8221; use_theme_fonts=&#8221;yes&#8221; css=&#8221;%7B%22default%22%3A%7B%22margin-bottom%22%3A%220px%22%7D%7D&#8221;]<div class=\"w-separator size_small\"><\/div><div class=\"wpb_text_column\"><div class=\"wpb_wrapper\"><ul>\n<li>Struttura robusta in lamiera d&#8217;acciaio rivestita con tubi quadrati di 30 x 30 mm<\/li>\n<li>Doghe del sedile in legno duro di faggio piallato e arrotondato, con variazioni di colore naturali.<\/li>\n<li>Piedini a pavimento regolabili per una facile compensazione dell&#8217;altezza fino a 10 mm<\/li>\n<li>Fornito completamente preassemblato<\/li>\n<li>Colore standard del telaio: antracite RAL 7021<\/li>\n<li>Possibilit\u00e0 di scegliere le doghe in plastica per le stanze umide senza costi aggiuntivi.<\/li>\n<li>Scarpiera opzionale che pu\u00f2 essere montata anche in un secondo momento.<\/li>\n<\/ul>\n<\/div><\/div><\/div><\/div><\/div><div class=\"vc_col-sm-4 wpb_column vc_column_container has_bg_color\"><div class=\"vc_column-inner us_custom_e98afae7\"><div class=\"wpb_wrapper\">[vc_custom_heading text=&#8221;Versione&#8221; use_theme_fonts=&#8221;yes&#8221;]<div class=\"w-separator size_small\"><\/div><div class=\"wpb_text_column\"><div class=\"wpb_wrapper\"><p><b>Numero di articolo<br \/>\n<\/b>8051-000<\/p>\n<p><b>Altezza | Larghezza | Profondit\u00e0<br \/>\n<\/b>42 | 150 | 35 cm<\/p>\n<\/div><\/div><\/div><\/div><\/div><\/div><div class=\"w-separator size_small\"><\/div><div class=\"w-btn-wrapper align_center\"><a class=\"w-btn us-btn-style_1\" target=\"_blank\" rel=\"nofollow\" title=\"Fissare un appuntamento di consulenza\" href=\"https:\/\/mein.skiraum.at\/it\/#contatto\"><span class=\"w-btn-label\">Fissare un appuntamento di consulenza<\/span><\/a><\/div><div class=\"w-separator size_large\"><\/div><\/div><\/div><\/div><\/div><\/div><\/section><section class=\"l-section wpb_row height_medium\"><div class=\"l-section-overlay\" style=\"background:var(--color-content-bg-alt)\"><\/div><div class=\"l-section-h i-cf\"><div class=\"g-cols vc_row via_flex valign_top type_default stacking_default\"><div class=\"vc_col-sm-12 wpb_column vc_column_container\"><div class=\"vc_column-inner\"><div class=\"wpb_wrapper\">[vc_custom_heading text=&#8221;Pi\u00f9 posti a sedere e panchine per il guardaroba del deposito sci&#8221; font_container=&#8221;tag:h3|text_align:center&#8221; use_theme_fonts=&#8221;yes&#8221; css=&#8221;%7B%22default%22%3A%7B%22margin-bottom%22%3A%220px%22%7D%7D&#8221;]<\/div><\/div><\/div><\/div><\/div><\/section><section class=\"l-section wpb_row height_medium\"><div class=\"l-section-overlay\" style=\"background:var(--color-content-bg-alt)\"><\/div><div class=\"l-section-h i-cf\"><div class=\"g-cols vc_row via_flex valign_top type_default stacking_default\"><div class=\"vc_col-sm-4 wpb_column vc_column_container\"><div class=\"vc_column-inner\"><div class=\"wpb_wrapper\"><div class=\"w-image align_none meta_simple\"><a title=\"Panca da guardaroba\" href=\"https:\/\/mein.skiraum.at\/it\/casa\/panche-per-sedersi-e-guardaroba\/panca-da-guardaroba\/\" aria-label=\"Panca da guardaroba\" class=\"w-image-h\"><img decoding=\"async\" width=\"1024\" height=\"1024\" src=\"https:\/\/mein.skiraum.at\/wp-content\/uploads\/2023\/08\/Garderobenbaenke.png\" class=\"attachment-large size-large\" alt=\"Panca da guardaroba\" loading=\"lazy\" srcset=\"https:\/\/mein.skiraum.at\/wp-content\/uploads\/2023\/08\/Garderobenbaenke.png 1024w, https:\/\/mein.skiraum.at\/wp-content\/uploads\/2023\/08\/Garderobenbaenke-300x300.png 300w, https:\/\/mein.skiraum.at\/wp-content\/uploads\/2023\/08\/Garderobenbaenke-150x150.png 150w\" sizes=\"auto, (max-width: 1024px) 100vw, 1024px\" \/><\/a><div class=\"w-image-meta\"><div class=\"w-image-title\">Panca da guardaroba<\/div><\/div><\/div><\/div><\/div><\/div><div class=\"vc_col-sm-4 wpb_column vc_column_container\"><div class=\"vc_column-inner\"><div class=\"wpb_wrapper\"><div class=\"w-image align_none meta_simple\"><a title=\"Panchina VITA\" href=\"https:\/\/mein.skiraum.at\/it\/casa\/panche-per-sedersi-e-guardaroba\/panchina-vita\/\" aria-label=\"Panchina Vita\" class=\"w-image-h\"><img decoding=\"async\" width=\"900\" height=\"900\" src=\"https:\/\/mein.skiraum.at\/wp-content\/uploads\/2023\/09\/Sitzbank-Vita-1.png\" class=\"attachment-large size-large\" alt=\"Panchina Vita\" loading=\"lazy\" srcset=\"https:\/\/mein.skiraum.at\/wp-content\/uploads\/2023\/09\/Sitzbank-Vita-1.png 900w, https:\/\/mein.skiraum.at\/wp-content\/uploads\/2023\/09\/Sitzbank-Vita-1-300x300.png 300w, https:\/\/mein.skiraum.at\/wp-content\/uploads\/2023\/09\/Sitzbank-Vita-1-150x150.png 150w\" sizes=\"auto, (max-width: 900px) 100vw, 900px\" \/><\/a><div class=\"w-image-meta\"><div class=\"w-image-title\">Panchina Vita<\/div><\/div><\/div><\/div><\/div><\/div><div class=\"vc_col-sm-4 wpb_column vc_column_container\"><div class=\"vc_column-inner\"><div class=\"wpb_wrapper\"><div class=\"w-image align_none meta_simple\"><a target=\"_blank\" rel=\"nofollow\" title=\"Edelstahl Sitzbank\" href=\"https:\/\/mein.skiraum.at\/it\/casa\/panche-per-sedersi-e-guardaroba\/panchina-in-acciaio-inox\/\" aria-label=\"Acciaio inossidabile da banco\" class=\"w-image-h\"><img decoding=\"async\" width=\"1024\" height=\"1024\" src=\"https:\/\/mein.skiraum.at\/wp-content\/uploads\/2023\/08\/Sitzbank-Edelstahl.png\" class=\"attachment-large size-large\" alt=\"Acciaio inossidabile da banco\" loading=\"lazy\" srcset=\"https:\/\/mein.skiraum.at\/wp-content\/uploads\/2023\/08\/Sitzbank-Edelstahl.png 1024w, https:\/\/mein.skiraum.at\/wp-content\/uploads\/2023\/08\/Sitzbank-Edelstahl-300x300.png 300w, https:\/\/mein.skiraum.at\/wp-content\/uploads\/2023\/08\/Sitzbank-Edelstahl-150x150.png 150w\" sizes=\"auto, (max-width: 1024px) 100vw, 1024px\" \/><\/a><div class=\"w-image-meta\"><div class=\"w-image-title\">Acciaio inossidabile da banco<\/div><\/div><\/div><\/div><\/div><\/div><\/div><\/div><\/section>\n","protected":false},"excerpt":{"rendered":"CasaPagine[vc_custom_heading text=\"Panchina\" font_container=\"tag:h1|text_align:left\" use_theme_fonts=\"yes\" css=\"%7B%22default%22%3A%7B%22margin-bottom%22%3A%220px%22%7D%7D\"][vc_custom_heading text=\"opzionalmente con scarpiera\" use_theme_fonts=\"yes\" css=\"%7B%22default%22%3A%7B%22font-size%22%3A%221.2rem%22%2C%22margin-bottom%22%3A%220px%22%7D%7D\"]Date un tocco di eleganza al vostro deposito sci con la nostra robusta panca in legno in lamiera d&#8217;acciaio verniciata! Le doghe della seduta in legno di faggio piallato creano un&#8217;atmosfera invitante e mettono in risalto le tonalit\u00e0 naturali del legno. Le guide regolabili sul pavimento...","protected":false},"author":8,"featured_media":3577,"parent":3968,"menu_order":0,"comment_status":"closed","ping_status":"closed","template":"","meta":{"footnotes":""},"class_list":["post-4038","page","type-page","status-publish","has-post-thumbnail","hentry"],"aioseo_notices":[],"aioseo_head":"\n\t\t<!-- All in One SEO Pro 5.0.1.1 - aioseo.com -->\n\t<meta name=\"description\" content=\"Raffinate il vostro deposito sci con la nostra panca in legno. L&#039;eleganza incontra la funzionalit\u00e0. Immediatamente pronto all&#039;uso e personalizzabile. Scoprite la qualit\u00e0.\" \/>\n\t<meta name=\"robots\" content=\"max-image-preview:large\" \/>\n\t<link rel=\"canonical\" href=\"https:\/\/mein.skiraum.at\/it\/casa\/panche-per-sedersi-e-guardaroba\/panchina-in-legno\/\" \/>\n\t<meta name=\"generator\" content=\"All in One SEO Pro (AIOSEO) 5.0.1.1\" \/>\n\t\t<meta property=\"og:locale\" content=\"it_IT\" \/>\n\t\t<meta property=\"og:site_name\" content=\"#titolo_sito\" \/>\n\t\t<meta property=\"og:type\" content=\"article\" \/>\n\t\t<meta property=\"og:title\" content=\"La nostra robusta panchina in legno| Il mio deposito sci\" \/>\n\t\t<meta property=\"og:description\" content=\"Raffinate il vostro deposito sci con la nostra panca in legno. L&#039;eleganza incontra la funzionalit\u00e0. Immediatamente pronto all&#039;uso e personalizzabile. Scoprite la qualit\u00e0.\" \/>\n\t\t<meta property=\"og:url\" content=\"https:\/\/mein.skiraum.at\/it\/casa\/panche-per-sedersi-e-guardaroba\/panchina-in-legno\/\" \/>\n\t\t<meta property=\"article:published_time\" content=\"2023-08-31T10:23:45+00:00\" \/>\n\t\t<meta property=\"article:modified_time\" content=\"2026-04-03T06:45:24+00:00\" \/>\n\t\t<meta property=\"article:publisher\" content=\"https:\/\/www.facebook.com\/regensburgerhandelsgmbh\" \/>\n\t\t<meta name=\"twitter:card\" content=\"summary_large_image\" \/>\n\t\t<meta name=\"twitter:title\" content=\"La nostra robusta panchina in legno| Il mio deposito sci\" \/>\n\t\t<meta name=\"twitter:description\" content=\"Raffinate il vostro deposito sci con la nostra panca in legno. L&#039;eleganza incontra la funzionalit\u00e0. Immediatamente pronto all&#039;uso e personalizzabile. Scoprite la qualit\u00e0.\" \/>\n\t\t<meta name=\"twitter:label1\" content=\"Scritto da\" \/>\n\t\t<meta name=\"twitter:data1\" content=\"Serafin Regensburger\" \/>\n\t\t<meta name=\"twitter:label2\" content=\"Tempo di lettura stimato\" \/>\n\t\t<meta name=\"twitter:data2\" content=\"4 minuti\" \/>\n\t\t<script type=\"application\/ld+json\" class=\"aioseo-schema\">\n\t\t\t{\"@context\":\"https:\\\/\\\/schema.org\",\"@graph\":[{\"@type\":\"BreadcrumbList\",\"@id\":\"https:\\\/\\\/mein.skiraum.at\\\/it\\\/casa\\\/panche-per-sedersi-e-guardaroba\\\/panchina-in-legno\\\/#breadcrumblist\",\"itemListElement\":[{\"@type\":\"ListItem\",\"@id\":\"https:\\\/\\\/mein.skiraum.at\\\/it\\\/#listItem\",\"position\":1,\"name\":\"Home\",\"item\":\"https:\\\/\\\/mein.skiraum.at\\\/it\\\/\",\"nextItem\":{\"@type\":\"ListItem\",\"@id\":\"https:\\\/\\\/mein.skiraum.at\\\/it\\\/casa\\\/panche-per-sedersi-e-guardaroba\\\/#listItem\",\"name\":\"Panche per sedersi e guardaroba\"}},{\"@type\":\"ListItem\",\"@id\":\"https:\\\/\\\/mein.skiraum.at\\\/it\\\/casa\\\/panche-per-sedersi-e-guardaroba\\\/#listItem\",\"position\":2,\"name\":\"Panche per sedersi e guardaroba\",\"item\":\"https:\\\/\\\/mein.skiraum.at\\\/it\\\/casa\\\/panche-per-sedersi-e-guardaroba\\\/\",\"nextItem\":{\"@type\":\"ListItem\",\"@id\":\"https:\\\/\\\/mein.skiraum.at\\\/it\\\/casa\\\/panche-per-sedersi-e-guardaroba\\\/panchina-in-legno\\\/#listItem\",\"name\":\"Panchina in legno\"},\"previousItem\":{\"@type\":\"ListItem\",\"@id\":\"https:\\\/\\\/mein.skiraum.at\\\/it\\\/#listItem\",\"name\":\"Home\"}},{\"@type\":\"ListItem\",\"@id\":\"https:\\\/\\\/mein.skiraum.at\\\/it\\\/casa\\\/panche-per-sedersi-e-guardaroba\\\/panchina-in-legno\\\/#listItem\",\"position\":3,\"name\":\"Panchina in legno\",\"previousItem\":{\"@type\":\"ListItem\",\"@id\":\"https:\\\/\\\/mein.skiraum.at\\\/it\\\/casa\\\/panche-per-sedersi-e-guardaroba\\\/#listItem\",\"name\":\"Panche per sedersi e guardaroba\"}}]},{\"@type\":\"Organization\",\"@id\":\"https:\\\/\\\/mein.skiraum.at\\\/it\\\/#organization\",\"name\":\"Regensburger Handels GmbH\",\"description\":\"Bei uns finden Sie die passenden Produkte f\\u00fcr Ihren Skiraum. Made in the Alps.\",\"url\":\"https:\\\/\\\/mein.skiraum.at\\\/it\\\/\",\"email\":\"info@skiraum.at\",\"telephone\":\"+4354745500\",\"logo\":{\"@type\":\"ImageObject\",\"url\":\"https:\\\/\\\/mein.skiraum.at\\\/wp-content\\\/uploads\\\/2022\\\/10\\\/Skiraum-by-Regensburger.png\",\"@id\":\"https:\\\/\\\/mein.skiraum.at\\\/it\\\/casa\\\/panche-per-sedersi-e-guardaroba\\\/panchina-in-legno\\\/#organizationLogo\",\"width\":1681,\"height\":546},\"image\":{\"@id\":\"https:\\\/\\\/mein.skiraum.at\\\/it\\\/casa\\\/panche-per-sedersi-e-guardaroba\\\/panchina-in-legno\\\/#organizationLogo\"},\"sameAs\":[\"https:\\\/\\\/www.facebook.com\\\/regensburgerhandelsgmbh\",\"https:\\\/\\\/www.instagram.com\\\/skiraum_bikeraum_regensburger\\\/\",\"https:\\\/\\\/www.youtube.com\\\/@skiraumbikeraumregensburger\",\"https:\\\/\\\/www.linkedin.com\\\/company\\\/skiraum-regensburger\"]},{\"@type\":\"WebPage\",\"@id\":\"https:\\\/\\\/mein.skiraum.at\\\/it\\\/casa\\\/panche-per-sedersi-e-guardaroba\\\/panchina-in-legno\\\/#webpage\",\"url\":\"https:\\\/\\\/mein.skiraum.at\\\/it\\\/casa\\\/panche-per-sedersi-e-guardaroba\\\/panchina-in-legno\\\/\",\"name\":\"La nostra robusta panchina in legno| Il mio deposito sci\",\"description\":\"Raffinate il vostro deposito sci con la nostra panca in legno. L'eleganza incontra la funzionalit\\u00e0. Immediatamente pronto all'uso e personalizzabile. Scoprite la qualit\\u00e0.\",\"inLanguage\":\"it-IT\",\"isPartOf\":{\"@id\":\"https:\\\/\\\/mein.skiraum.at\\\/it\\\/#website\"},\"breadcrumb\":{\"@id\":\"https:\\\/\\\/mein.skiraum.at\\\/it\\\/casa\\\/panche-per-sedersi-e-guardaroba\\\/panchina-in-legno\\\/#breadcrumblist\"},\"image\":{\"@type\":\"ImageObject\",\"url\":\"https:\\\/\\\/mein.skiraum.at\\\/wp-content\\\/uploads\\\/2023\\\/08\\\/Stahlsitzbank-mit-Holzlattung.png\",\"@id\":\"https:\\\/\\\/mein.skiraum.at\\\/it\\\/casa\\\/panche-per-sedersi-e-guardaroba\\\/panchina-in-legno\\\/#mainImage\",\"width\":1024,\"height\":1024,\"caption\":\"Panchina in acciaio con doghe in legno\"},\"primaryImageOfPage\":{\"@id\":\"https:\\\/\\\/mein.skiraum.at\\\/it\\\/casa\\\/panche-per-sedersi-e-guardaroba\\\/panchina-in-legno\\\/#mainImage\"},\"datePublished\":\"2023-08-31T12:23:45+02:00\",\"dateModified\":\"2026-04-03T08:45:24+02:00\"},{\"@type\":\"WebSite\",\"@id\":\"https:\\\/\\\/mein.skiraum.at\\\/it\\\/#website\",\"url\":\"https:\\\/\\\/mein.skiraum.at\\\/it\\\/\",\"name\":\"Der perfekte Skiraum\",\"description\":\"by Regensburger\",\"inLanguage\":\"it-IT\",\"publisher\":{\"@id\":\"https:\\\/\\\/mein.skiraum.at\\\/it\\\/#organization\"}}]}\n\t\t<\/script>\n\t\t<!-- All in One SEO Pro -->\r\n\t\t<title>La nostra robusta panchina in legno| Il mio deposito sci<\/title>\n\n","aioseo_head_json":{"title":"La nostra robusta panchina in legno| Il mio deposito sci","description":"Raffinate il vostro deposito sci con la nostra panca in legno. L'eleganza incontra la funzionalit\u00e0. Immediatamente pronto all'uso e personalizzabile. Scoprite la qualit\u00e0.","canonical_url":"https:\/\/mein.skiraum.at\/it\/casa\/panche-per-sedersi-e-guardaroba\/panchina-in-legno\/","robots":"max-image-preview:large","keywords":"","webmasterTools":{"miscellaneous":""},"schema":{"@context":"https:\/\/schema.org","@graph":[{"@type":"BreadcrumbList","@id":"https:\/\/mein.skiraum.at\/it\/casa\/panche-per-sedersi-e-guardaroba\/panchina-in-legno\/#breadcrumblist","itemListElement":[{"@type":"ListItem","@id":"https:\/\/mein.skiraum.at\/it\/#listItem","position":1,"name":"Home","item":"https:\/\/mein.skiraum.at\/it\/","nextItem":{"@type":"ListItem","@id":"https:\/\/mein.skiraum.at\/it\/casa\/panche-per-sedersi-e-guardaroba\/#listItem","name":"Panche per sedersi e guardaroba"}},{"@type":"ListItem","@id":"https:\/\/mein.skiraum.at\/it\/casa\/panche-per-sedersi-e-guardaroba\/#listItem","position":2,"name":"Panche per sedersi e guardaroba","item":"https:\/\/mein.skiraum.at\/it\/casa\/panche-per-sedersi-e-guardaroba\/","nextItem":{"@type":"ListItem","@id":"https:\/\/mein.skiraum.at\/it\/casa\/panche-per-sedersi-e-guardaroba\/panchina-in-legno\/#listItem","name":"Panchina in legno"},"previousItem":{"@type":"ListItem","@id":"https:\/\/mein.skiraum.at\/it\/#listItem","name":"Home"}},{"@type":"ListItem","@id":"https:\/\/mein.skiraum.at\/it\/casa\/panche-per-sedersi-e-guardaroba\/panchina-in-legno\/#listItem","position":3,"name":"Panchina in legno","previousItem":{"@type":"ListItem","@id":"https:\/\/mein.skiraum.at\/it\/casa\/panche-per-sedersi-e-guardaroba\/#listItem","name":"Panche per sedersi e guardaroba"}}]},{"@type":"Organization","@id":"https:\/\/mein.skiraum.at\/it\/#organization","name":"Regensburger Handels GmbH","description":"Bei uns finden Sie die passenden Produkte f\u00fcr Ihren Skiraum. Made in the Alps.","url":"https:\/\/mein.skiraum.at\/it\/","email":"info@skiraum.at","telephone":"+4354745500","logo":{"@type":"ImageObject","url":"https:\/\/mein.skiraum.at\/wp-content\/uploads\/2022\/10\/Skiraum-by-Regensburger.png","@id":"https:\/\/mein.skiraum.at\/it\/casa\/panche-per-sedersi-e-guardaroba\/panchina-in-legno\/#organizationLogo","width":1681,"height":546},"image":{"@id":"https:\/\/mein.skiraum.at\/it\/casa\/panche-per-sedersi-e-guardaroba\/panchina-in-legno\/#organizationLogo"},"sameAs":["https:\/\/www.facebook.com\/regensburgerhandelsgmbh","https:\/\/www.instagram.com\/skiraum_bikeraum_regensburger\/","https:\/\/www.youtube.com\/@skiraumbikeraumregensburger","https:\/\/www.linkedin.com\/company\/skiraum-regensburger"]},{"@type":"WebPage","@id":"https:\/\/mein.skiraum.at\/it\/casa\/panche-per-sedersi-e-guardaroba\/panchina-in-legno\/#webpage","url":"https:\/\/mein.skiraum.at\/it\/casa\/panche-per-sedersi-e-guardaroba\/panchina-in-legno\/","name":"La nostra robusta panchina in legno| Il mio deposito sci","description":"Raffinate il vostro deposito sci con la nostra panca in legno. L'eleganza incontra la funzionalit\u00e0. Immediatamente pronto all'uso e personalizzabile. Scoprite la qualit\u00e0.","inLanguage":"it-IT","isPartOf":{"@id":"https:\/\/mein.skiraum.at\/it\/#website"},"breadcrumb":{"@id":"https:\/\/mein.skiraum.at\/it\/casa\/panche-per-sedersi-e-guardaroba\/panchina-in-legno\/#breadcrumblist"},"image":{"@type":"ImageObject","url":"https:\/\/mein.skiraum.at\/wp-content\/uploads\/2023\/08\/Stahlsitzbank-mit-Holzlattung.png","@id":"https:\/\/mein.skiraum.at\/it\/casa\/panche-per-sedersi-e-guardaroba\/panchina-in-legno\/#mainImage","width":1024,"height":1024,"caption":"Panchina in acciaio con doghe in legno"},"primaryImageOfPage":{"@id":"https:\/\/mein.skiraum.at\/it\/casa\/panche-per-sedersi-e-guardaroba\/panchina-in-legno\/#mainImage"},"datePublished":"2023-08-31T12:23:45+02:00","dateModified":"2026-04-03T08:45:24+02:00"},{"@type":"WebSite","@id":"https:\/\/mein.skiraum.at\/it\/#website","url":"https:\/\/mein.skiraum.at\/it\/","name":"Der perfekte Skiraum","description":"by Regensburger","inLanguage":"it-IT","publisher":{"@id":"https:\/\/mein.skiraum.at\/it\/#organization"}}]},"og:locale":"it_IT","og:site_name":"#titolo_sito","og:type":"article","og:title":"La nostra robusta panchina in legno| Il mio deposito sci","og:description":"Raffinate il vostro deposito sci con la nostra panca in legno. L'eleganza incontra la funzionalit\u00e0. Immediatamente pronto all'uso e personalizzabile. Scoprite la qualit\u00e0.","og:url":"https:\/\/mein.skiraum.at\/it\/casa\/panche-per-sedersi-e-guardaroba\/panchina-in-legno\/","article:published_time":"2023-08-31T10:23:45+00:00","article:modified_time":"2026-04-03T06:45:24+00:00","article:publisher":"https:\/\/www.facebook.com\/regensburgerhandelsgmbh","twitter:card":"summary_large_image","twitter:title":"La nostra robusta panchina in legno| Il mio deposito sci","twitter:description":"Raffinate il vostro deposito sci con la nostra panca in legno. L'eleganza incontra la funzionalit\u00e0. Immediatamente pronto all'uso e personalizzabile. Scoprite la qualit\u00e0.","twitter:label1":"Scritto da","twitter:data1":"Serafin Regensburger","twitter:label2":"Tempo di lettura stimato","twitter:data2":"4 minuti"},"aioseo_meta_data":{"post_id":"4038","title":"La nostra robusta panchina in legno#separator_sa #site_title","description":"Raffinate il vostro deposito sci con la nostra panca in legno. L'eleganza incontra la funzionalit\u00e0. Immediatamente pronto all'uso e personalizzabile. Scoprite la qualit\u00e0.","keywords":null,"keyphrases":{"focus":{"keyphrase":"Sitzbank Holz","score":37,"analysis":{"keyphraseInTitle":{"score":3,"maxScore":9,"error":1},"keyphraseInDescription":{"score":3,"maxScore":9,"error":1},"keyphraseLength":{"score":9,"maxScore":9,"error":0,"length":2},"keyphraseInURL":{"score":1,"maxScore":5,"error":1},"keyphraseInIntroduction":{"score":3,"maxScore":9,"error":1},"keyphraseInSubHeadings":{"score":3,"maxScore":9,"error":1},"keyphraseInImageAlt":{"score":3,"maxScore":9,"error":1},"keywordDensity":{"score":0,"type":"low","maxScore":9,"error":1}}},"additional":[]},"primary_term":null,"canonical_url":null,"og_title":null,"og_description":null,"og_object_type":"default","og_image_type":"default","og_image_url":null,"og_image_width":null,"og_image_height":null,"og_image_custom_url":null,"og_image_custom_fields":null,"og_video":"","og_custom_url":null,"og_article_section":null,"og_article_tags":null,"twitter_use_og":false,"twitter_card":"default","twitter_image_type":"default","twitter_image_url":null,"twitter_image_custom_url":null,"twitter_image_custom_fields":null,"twitter_title":null,"twitter_description":null,"schema":{"blockGraphs":[],"customGraphs":[],"default":{"data":{"Article":[],"Course":[],"Dataset":[],"FAQPage":[],"Movie":[],"Person":[],"Product":[],"ProductReview":[],"Car":[],"Recipe":[],"Service":[],"SoftwareApplication":[],"WebPage":[]},"graphName":"WebPage","isEnabled":true},"graphs":[]},"schema_type":"default","schema_type_options":null,"pillar_content":false,"robots_default":true,"robots_noindex":false,"robots_noarchive":false,"robots_nosnippet":false,"robots_nofollow":false,"robots_noimageindex":false,"robots_noodp":false,"robots_notranslate":false,"robots_max_snippet":"-1","robots_max_videopreview":"-1","robots_max_imagepreview":"large","priority":null,"frequency":"default","local_seo":null,"seo_analyzer_scan_date":null,"breadcrumb_settings":null,"limit_modified_date":false,"open_ai":"{\"title\":{\"suggestions\":[],\"usage\":0},\"description\":{\"suggestions\":[],\"usage\":0}}","ai":{"faqs":[],"keyPoints":[],"titles":[],"descriptions":[],"socialPosts":{"email":[],"linkedin":[],"twitter":[],"facebook":[],"instagram":[]}},"created":"2023-09-04 15:09:05","updated":"2026-04-03 06:46:11","focus_keyword":"Sitzbank Holz","additional_keywords":null,"truseo_locale":null},"aioseo_breadcrumb":"<div class=\"aioseo-breadcrumbs\"><span class=\"aioseo-breadcrumb\">\n\t<a href=\"https:\/\/mein.skiraum.at\/it\/\" title=\"Home\">Home<\/a>\n<\/span><span class=\"aioseo-breadcrumb-separator\">&raquo;<\/span><span class=\"aioseo-breadcrumb\">\n\t<a href=\"https:\/\/mein.skiraum.at\/it\/casa\/panche-per-sedersi-e-guardaroba\/\" title=\"Panche per sedersi e guardaroba\">Panche per sedersi e guardaroba<\/a>\n<\/span><span class=\"aioseo-breadcrumb-separator\">&raquo;<\/span><span class=\"aioseo-breadcrumb\">\n\tPanchina in legno\n<\/span><\/div>","aioseo_breadcrumb_json":[{"label":"Home","link":"https:\/\/mein.skiraum.at\/it\/"},{"label":"Panche per sedersi e guardaroba","link":"https:\/\/mein.skiraum.at\/it\/casa\/panche-per-sedersi-e-guardaroba\/"},{"label":"Panchina in legno","link":"https:\/\/mein.skiraum.at\/it\/casa\/panche-per-sedersi-e-guardaroba\/panchina-in-legno\/"}],"_links":{"self":[{"href":"https:\/\/mein.skiraum.at\/it\/wp-json\/wp\/v2\/pages\/4038","targetHints":{"allow":["GET"]}}],"collection":[{"href":"https:\/\/mein.skiraum.at\/it\/wp-json\/wp\/v2\/pages"}],"about":[{"href":"https:\/\/mein.skiraum.at\/it\/wp-json\/wp\/v2\/types\/page"}],"author":[{"embeddable":true,"href":"https:\/\/mein.skiraum.at\/it\/wp-json\/wp\/v2\/users\/8"}],"replies":[{"embeddable":true,"href":"https:\/\/mein.skiraum.at\/it\/wp-json\/wp\/v2\/comments?post=4038"}],"version-history":[{"count":10,"href":"https:\/\/mein.skiraum.at\/it\/wp-json\/wp\/v2\/pages\/4038\/revisions"}],"predecessor-version":[{"id":5746,"href":"https:\/\/mein.skiraum.at\/it\/wp-json\/wp\/v2\/pages\/4038\/revisions\/5746"}],"up":[{"embeddable":true,"href":"https:\/\/mein.skiraum.at\/it\/wp-json\/wp\/v2\/pages\/3968"}],"wp:featuredmedia":[{"embeddable":true,"href":"https:\/\/mein.skiraum.at\/it\/wp-json\/wp\/v2\/media\/3577"}],"wp:attachment":[{"href":"https:\/\/mein.skiraum.at\/it\/wp-json\/wp\/v2\/media?parent=4038"}],"curies":[{"name":"wp","href":"https:\/\/api.w.org\/{rel}","templated":true}]}}